{"id":29352,"date":"2023-01-03T13:51:55","date_gmt":"2023-01-03T12:51:55","guid":{"rendered":"https:\/\/physio-harmonie.ch\/?page_id=29352"},"modified":"2024-02-18T14:56:31","modified_gmt":"2024-02-18T13:56:31","slug":"jobangebot","status":"publish","type":"page","link":"https:\/\/physio-harmonie.ch\/fr\/jobangebot\/","title":{"rendered":"Offre d'emploi"},"content":{"rendered":"<p>Nous cherchons<\/p>\n\n\n\n<p class=\"has-medium-font-size\"><mark style=\"background-color:rgba(0, 0, 0, 0);color:#dd7d08\" class=\"has-inline-color\"><strong>Physioth\u00e9rapeute dipl\u00f4m\u00e9-e (20-100 %), CDI\u00a0<\/strong><\/mark><\/p>\n\n\n\n<blockquote class=\"wp-block-quote is-layout-flow wp-block-quote-is-layout-flow\">\n<p>Entr\u00e9e en fonction et pourcentage de travail \u00e0 fixer ensemble<\/p>\n\n\n\n<p>Notre cabinet de physioth\u00e9rapie est situ\u00e9 \u00e0 Cerlier au bord du lac de Bienne dans une r\u00e9gion bilingue (18 min depuis Neuch\u00e2tel et Morat, 15 min depuis Chi\u00eatres, 26 min depuis Bienne). Nous recherchons du renfort d\u00e8s que possible pour notre \u00e9quipe.<\/p>\n\n\n\n<p><\/p>\n\n\n\n<p><\/p>\n\n\n\n<p><\/p>\n\n\n\n<p><strong>Dein Profil :<\/strong><\/p>\n\n\n\n<ul class=\"wp-block-list\">\n<li>Dipl\u00f4me de physioth\u00e9rapeute ES\/ BSc HES, Dipl\u00f4me \u00e9tranger reconnu par la CRS<\/li>\n\n\n\n<li>Prise en charge des patients de mani\u00e8re autonome et soucieuse de la qualit\u00e9<\/li>\n\n\n\n<li>Bon sens de l\u2019organisation<\/li>\n\n\n\n<li>Poss\u00e9dant un excellent contact avec les patients<\/li>\n\n\n\n<li>\u00catre motiv\u00e9 \u00e0 s\u2019engager dans une petite \u00e9quipe &nbsp;<\/li>\n\n\n\n<li>Francophone ou germanophone avec de bonnes connaissances orales dans la 2\u00e8me langue<\/li>\n<\/ul>\n\n\n\n<p><strong>Nous offrons :<\/strong><\/p>\n\n\n\n<ul class=\"wp-block-list\">\n<li>Cadre de travail agr\u00e9able, bonne ambiance dans une petite \u00e9quipe<\/li>\n\n\n\n<li>Prises en charge physioth\u00e9rapeutiques tr\u00e8s vari\u00e9es (dans les domaines de la rhumatologie, orthop\u00e9die, traumatologie, g\u00e9riatrie, lymphologie et neurologie)<\/li>\n\n\n\n<li>Temps de travail essentiellement avec le patient <\/li>\n\n\n\n<li>Participation annuelle aux frais de formation continue et temps r\u00e9mun\u00e9r\u00e9 mis \u00e0 disposition<\/li>\n\n\n\n<li>Colloques internes, discussions de cas<\/li>\n<\/ul>\n\n\n\n<p>Nous nous r\u00e9jouissons de ta postulation !<\/p>\n\n\n\n<p>Envoie-nous : lettre de motivation, CV avec photo, copie du dipl\u00f4me et certificats de travail, \u00e0 : <mark style=\"background-color:rgba(0, 0, 0, 0);color:#623704\" class=\"has-inline-color\"><strong>valerie@physio-harmonie.ch<\/strong><\/mark><\/p>\n\n\n\n<p>Ou par courrier \u00e0 : <a>Physio-Harmonie S\u00e0rl, Beundenweg 3, 3235 Erlach<\/a><\/p>\n\n\n\n<p>&nbsp;<strong><mark style=\"background-color:rgba(0, 0, 0, 0);color:#623704\" class=\"has-inline-color\">t\u00e9l : Val\u00e9rie Brand Akuatse : 079 209 39 39<\/mark><\/strong><\/p>\n<\/blockquote>\n\n\n\n<p><\/p>\n\n\n\n<p><\/p>","protected":false},"excerpt":{"rendered":"<p>Wir suchen Dipl. Physiotherapeut\/in (20-100 %)\u00a0<\/p>","protected":false},"author":1,"featured_media":0,"parent":0,"menu_order":0,"comment_status":"closed","ping_status":"closed","template":"","meta":{"_et_pb_use_builder":"off","_et_pb_old_content":"<!-- wp:heading -->\n<h2>Rotkreuz-Fahrdienst&nbsp;<\/h2>\n<!-- \/wp:heading -->\n\n<!-- wp:paragraph -->\n<p><a href=\"http:\/\/www.srk-bern.ch\/\" rel=\"noreferrer noopener\" target=\"_blank\">http:\/\/www.srk-bern.ch<\/a><\/p>\n<!-- \/wp:paragraph -->\n\n<!-- wp:paragraph -->\n<p>SRK Kanton Bern, Region Seeland Unterer Quai 23<br>2502 Biel\/Bienne<br>032 341 80 80<br>fahrdienst-seeland@srk-bern.ch<\/p>\n<!-- \/wp:paragraph -->\n\n<!-- wp:table {\"hasFixedLayout\":true,\"className\":\"is-style-stripes\"} -->\n<figure class=\"wp-block-table is-style-stripes\"><table class=\"has-fixed-layout\"><thead><tr><th><\/th><th><\/th><\/tr><\/thead><tbody><tr><td><a rel=\"noreferrer noopener\" href=\"http:\/\/www.physioswiss.ch\/\" target=\"_blank\">Physio-Swiss<\/a><\/td><td><a rel=\"noreferrer noopener\" href=\"http:\/\/www.bag.admin.ch\/\" target=\"_blank\">Bundesamt f\u00fcr Gesundheit BAG<\/a><\/td><\/tr><tr><td><a rel=\"noreferrer noopener\" href=\"http:\/\/www.rheumaliga.ch\/\" target=\"_blank\">Rheumaliga Swiss<\/a><\/td><td><a rel=\"noreferrer noopener\" href=\"http:\/\/www.multiplesklerose.ch\/\" target=\"_blank\">Multiple Sklerose<\/a><\/td><\/tr><tr><td><a rel=\"noreferrer noopener\" href=\"http:\/\/www.rehabil.ch\/\" target=\"_blank\">REHABIL<\/a><\/td><td><a rel=\"noreferrer noopener\" href=\"http:\/\/www.sanitas-botta.ch\/\" target=\"_blank\">Sanitas Botta &amp; Botta<\/a><\/td><\/tr><tr><td><a rel=\"noreferrer noopener\" href=\"http:\/\/www.wallner.ch\/\" target=\"_blank\">Wallner Orthop\u00e4die<\/a><\/td><td><a rel=\"noreferrer noopener\" href=\"http:\/\/www.spiraldynamik.com\/\" target=\"_blank\">Spiraldynamik<\/a><\/td><\/tr><tr><td><a rel=\"noreferrer noopener\" href=\"http:\/\/www.funktionelle-integration.de\/\" target=\"_blank\">Funktionelle-integration<\/a><\/td><td><a rel=\"noreferrer noopener\" href=\"http:\/\/www.manuelletherapie-samt.ch\/\" target=\"_blank\">Manuelletherapie-samt<\/a><\/td><\/tr><tr><td><a rel=\"noreferrer noopener\" href=\"http:\/\/www.lymphosuisse.ch\/\" target=\"_blank\">Lymphosuisse<\/a><\/td><td><a rel=\"noreferrer noopener\" href=\"http:\/\/www.apmnachpenzel.ch\/\" target=\"_blank\">Apmnachpenzel<\/a><\/td><\/tr><tr><td><a rel=\"noreferrer noopener\" href=\"http:\/\/www.dryneedling.ch\/\" target=\"_blank\">Dryneedling<\/a><\/td><td><a rel=\"noreferrer noopener\" href=\"http:\/\/www.halliwick-schweiz.ch\/\" target=\"_blank\">Halliwick-schweiz<\/a><\/td><\/tr><\/tbody><tfoot><tr><td><\/td><td><\/td><\/tr><\/tfoot><\/table><\/figure>\n<!-- \/wp:table -->\n\n<!-- wp:paragraph -->\n<p><\/p>\n<!-- \/wp:paragraph -->","_et_gb_content_width":"","_monsterinsights_skip_tracking":false,"_monsterinsights_sitenote_active":false,"_monsterinsights_sitenote_note":"","_monsterinsights_sitenote_category":0,"footnotes":""},"class_list":["post-29352","page","type-page","status-publish","hentry"],"yoast_head":"<!-- This site is optimized with the Yoast SEO plugin v27.2 - https:\/\/yoast.com\/product\/yoast-seo-wordpress\/ -->\n<title>Jobangebot - Physio-Harmonie S\u00e0rl - Erlach<\/title>\n<meta name=\"description\" content=\"Offene Stelle - jobangebot: Wir suchen ab sofort eine Physiotherapeutin order einen Physiothrapeut um das team erg\u00e4nzen.\" \/>\n<meta name=\"robots\" content=\"index, follow, max-snippet:-1, max-image-preview:large, max-video-preview:-1\" \/>\n<link rel=\"canonical\" href=\"https:\/\/physio-harmonie.ch\/fr\/jobangebot\/\" \/>\n<meta property=\"og:locale\" content=\"fr_FR\" \/>\n<meta property=\"og:type\" content=\"article\" \/>\n<meta property=\"og:title\" content=\"Jobangebot - Physio-Harmonie S\u00e0rl - Erlach\" \/>\n<meta property=\"og:description\" content=\"Offene Stelle - jobangebot: Wir suchen ab sofort eine Physiotherapeutin order einen Physiothrapeut um das team erg\u00e4nzen.\" \/>\n<meta property=\"og:url\" content=\"https:\/\/physio-harmonie.ch\/fr\/jobangebot\/\" \/>\n<meta property=\"og:site_name\" content=\"Physio-Harmonie S\u00e0rl\" \/>\n<meta property=\"article:modified_time\" content=\"2024-02-18T13:56:31+00:00\" \/>\n<meta name=\"twitter:card\" content=\"summary_large_image\" \/>\n<meta name=\"twitter:label1\" content=\"Dur\u00e9e de lecture estim\u00e9e\" \/>\n\t<meta name=\"twitter:data1\" content=\"2 minutes\" \/>\n<script type=\"application\/ld+json\" class=\"yoast-schema-graph\">{\"@context\":\"https:\/\/schema.org\",\"@graph\":[{\"@type\":\"WebPage\",\"@id\":\"https:\/\/physio-harmonie.ch\/jobangebot\/\",\"url\":\"https:\/\/physio-harmonie.ch\/jobangebot\/\",\"name\":\"Jobangebot - Physio-Harmonie S\u00e0rl - Erlach\",\"isPartOf\":{\"@id\":\"https:\/\/physio-harmonie.ch\/#website\"},\"datePublished\":\"2023-01-03T12:51:55+00:00\",\"dateModified\":\"2024-02-18T13:56:31+00:00\",\"description\":\"Offene Stelle - jobangebot: Wir suchen ab sofort eine Physiotherapeutin order einen Physiothrapeut um das team erg\u00e4nzen.\",\"breadcrumb\":{\"@id\":\"https:\/\/physio-harmonie.ch\/jobangebot\/#breadcrumb\"},\"inLanguage\":\"fr-FR\",\"potentialAction\":[{\"@type\":\"ReadAction\",\"target\":[\"https:\/\/physio-harmonie.ch\/jobangebot\/\"]}]},{\"@type\":\"BreadcrumbList\",\"@id\":\"https:\/\/physio-harmonie.ch\/jobangebot\/#breadcrumb\",\"itemListElement\":[{\"@type\":\"ListItem\",\"position\":1,\"name\":\"Accueil\",\"item\":\"https:\/\/physio-harmonie.ch\/\"},{\"@type\":\"ListItem\",\"position\":2,\"name\":\"Jobangebot\"}]},{\"@type\":\"WebSite\",\"@id\":\"https:\/\/physio-harmonie.ch\/#website\",\"url\":\"https:\/\/physio-harmonie.ch\/\",\"name\":\"Physio-Harmonie S\u00e0rl\",\"description\":\"Physiotherapie f\u00fcr Ihre Gesundheit\",\"publisher\":{\"@id\":\"https:\/\/physio-harmonie.ch\/#organization\"},\"alternateName\":\"Physio Harmonie\",\"potentialAction\":[{\"@type\":\"SearchAction\",\"target\":{\"@type\":\"EntryPoint\",\"urlTemplate\":\"https:\/\/physio-harmonie.ch\/?s={search_term_string}\"},\"query-input\":{\"@type\":\"PropertyValueSpecification\",\"valueRequired\":true,\"valueName\":\"search_term_string\"}}],\"inLanguage\":\"fr-FR\"},{\"@type\":\"Organization\",\"@id\":\"https:\/\/physio-harmonie.ch\/#organization\",\"name\":\"Physio-Harmonie S\u00e0rl\",\"alternateName\":\"Physio Harmonie\",\"url\":\"https:\/\/physio-harmonie.ch\/\",\"logo\":{\"@type\":\"ImageObject\",\"inLanguage\":\"fr-FR\",\"@id\":\"https:\/\/physio-harmonie.ch\/#\/schema\/logo\/image\/\",\"url\":\"https:\/\/physio-harmonie.ch\/wp-content\/uploads\/2022\/10\/Logo_Physio_Harmonie.png\",\"contentUrl\":\"https:\/\/physio-harmonie.ch\/wp-content\/uploads\/2022\/10\/Logo_Physio_Harmonie.png\",\"width\":1296,\"height\":348,\"caption\":\"Physio-Harmonie S\u00e0rl\"},\"image\":{\"@id\":\"https:\/\/physio-harmonie.ch\/#\/schema\/logo\/image\/\"}}]}<\/script>\n<!-- \/ Yoast SEO plugin. -->","yoast_head_json":{"title":"Jobangebot - Physio-Harmonie S\u00e0rl - Erlach","description":"Offene Stelle - jobangebot: Wir suchen ab sofort eine Physiotherapeutin order einen Physiothrapeut um das team erg\u00e4nzen.","robots":{"index":"index","follow":"follow","max-snippet":"max-snippet:-1","max-image-preview":"max-image-preview:large","max-video-preview":"max-video-preview:-1"},"canonical":"https:\/\/physio-harmonie.ch\/fr\/jobangebot\/","og_locale":"fr_FR","og_type":"article","og_title":"Jobangebot - Physio-Harmonie S\u00e0rl - Erlach","og_description":"Offene Stelle - jobangebot: Wir suchen ab sofort eine Physiotherapeutin order einen Physiothrapeut um das team erg\u00e4nzen.","og_url":"https:\/\/physio-harmonie.ch\/fr\/jobangebot\/","og_site_name":"Physio-Harmonie S\u00e0rl","article_modified_time":"2024-02-18T13:56:31+00:00","twitter_card":"summary_large_image","twitter_misc":{"Dur\u00e9e de lecture estim\u00e9e":"2 minutes"},"schema":{"@context":"https:\/\/schema.org","@graph":[{"@type":"WebPage","@id":"https:\/\/physio-harmonie.ch\/jobangebot\/","url":"https:\/\/physio-harmonie.ch\/jobangebot\/","name":"Jobangebot - Physio-Harmonie S\u00e0rl - Erlach","isPartOf":{"@id":"https:\/\/physio-harmonie.ch\/#website"},"datePublished":"2023-01-03T12:51:55+00:00","dateModified":"2024-02-18T13:56:31+00:00","description":"Offene Stelle - jobangebot: Wir suchen ab sofort eine Physiotherapeutin order einen Physiothrapeut um das team erg\u00e4nzen.","breadcrumb":{"@id":"https:\/\/physio-harmonie.ch\/jobangebot\/#breadcrumb"},"inLanguage":"fr-FR","potentialAction":[{"@type":"ReadAction","target":["https:\/\/physio-harmonie.ch\/jobangebot\/"]}]},{"@type":"BreadcrumbList","@id":"https:\/\/physio-harmonie.ch\/jobangebot\/#breadcrumb","itemListElement":[{"@type":"ListItem","position":1,"name":"Accueil","item":"https:\/\/physio-harmonie.ch\/"},{"@type":"ListItem","position":2,"name":"Jobangebot"}]},{"@type":"WebSite","@id":"https:\/\/physio-harmonie.ch\/#website","url":"https:\/\/physio-harmonie.ch\/","name":"Physio-Harmonie S\u00e0rl","description":"Physiotherapie f\u00fcr Ihre Gesundheit","publisher":{"@id":"https:\/\/physio-harmonie.ch\/#organization"},"alternateName":"Physio Harmonie","potentialAction":[{"@type":"SearchAction","target":{"@type":"EntryPoint","urlTemplate":"https:\/\/physio-harmonie.ch\/?s={search_term_string}"},"query-input":{"@type":"PropertyValueSpecification","valueRequired":true,"valueName":"search_term_string"}}],"inLanguage":"fr-FR"},{"@type":"Organization","@id":"https:\/\/physio-harmonie.ch\/#organization","name":"Physio-Harmonie S\u00e0rl","alternateName":"Physio Harmonie","url":"https:\/\/physio-harmonie.ch\/","logo":{"@type":"ImageObject","inLanguage":"fr-FR","@id":"https:\/\/physio-harmonie.ch\/#\/schema\/logo\/image\/","url":"https:\/\/physio-harmonie.ch\/wp-content\/uploads\/2022\/10\/Logo_Physio_Harmonie.png","contentUrl":"https:\/\/physio-harmonie.ch\/wp-content\/uploads\/2022\/10\/Logo_Physio_Harmonie.png","width":1296,"height":348,"caption":"Physio-Harmonie S\u00e0rl"},"image":{"@id":"https:\/\/physio-harmonie.ch\/#\/schema\/logo\/image\/"}}]}},"_links":{"self":[{"href":"https:\/\/physio-harmonie.ch\/fr\/wp-json\/wp\/v2\/pages\/29352","targetHints":{"allow":["GET"]}}],"collection":[{"href":"https:\/\/physio-harmonie.ch\/fr\/wp-json\/wp\/v2\/pages"}],"about":[{"href":"https:\/\/physio-harmonie.ch\/fr\/wp-json\/wp\/v2\/types\/page"}],"author":[{"embeddable":true,"href":"https:\/\/physio-harmonie.ch\/fr\/wp-json\/wp\/v2\/users\/1"}],"replies":[{"embeddable":true,"href":"https:\/\/physio-harmonie.ch\/fr\/wp-json\/wp\/v2\/comments?post=29352"}],"version-history":[{"count":13,"href":"https:\/\/physio-harmonie.ch\/fr\/wp-json\/wp\/v2\/pages\/29352\/revisions"}],"predecessor-version":[{"id":29476,"href":"https:\/\/physio-harmonie.ch\/fr\/wp-json\/wp\/v2\/pages\/29352\/revisions\/29476"}],"wp:attachment":[{"href":"https:\/\/physio-harmonie.ch\/fr\/wp-json\/wp\/v2\/media?parent=29352"}],"curies":[{"name":"wp","href":"https:\/\/api.w.org\/{rel}","templated":true}]}}