{"id":2,"date":"2023-01-03T13:45:15","date_gmt":"2023-01-03T12:45:15","guid":{"rendered":"https:\/\/physio-harmonie.ch\/?page_id=2"},"modified":"2026-03-28T23:21:57","modified_gmt":"2026-03-28T22:21:57","slug":"physio_description","status":"publish","type":"page","link":"https:\/\/physio-harmonie.ch\/fr\/physio_description\/","title":{"rendered":"La physioth\u00e9rapie"},"content":{"rendered":"<h3 class=\"wp-block-heading\"><strong>Qu'est ce que la physioth\u00e9rapie?<\/strong><\/h3>\n\n\n\n<p><strong>La physioth\u00e9rapie <\/strong>est une discipline param\u00e9dicale qui traite les troubles physiques fonctionnels (perte de mobilit\u00e9, de force, d\u2019endurance, d\u2019agilit\u00e9, de coordination, d\u2019\u00e9quilibre,\u2026) et les probl\u00e9matiques de la douleur.<\/p>\n\n\n\n<p class=\"translation-block\"><strong>Elle a pour buts <\/strong> d\u2019am\u00e9liorer, et si possible de retrouver les fonctions physiques perdues ou alt\u00e9r\u00e9es (suite \u00e0 des accidents ou des pathologies) en vue d\u2019augmenter l\u2019autonomie et la qualit\u00e9 de vie du patient.<\/p>\n\n\n\n<p class=\"translation-block\"><strong>Les moyens physioth\u00e9rapeutiques<\/strong> utilis\u00e9s  sont vari\u00e9s tels que diff\u00e9rents concepts de th\u00e9rapie manuelle, de r\u00e9\u00e9ducation, de renforcement musculaire, de dynamique corporelle et gymnastique m\u00e9dicale  compl\u00e9t\u00e9s par des agents physiques comme la chaleur ou l\u2019\u00e9lectroth\u00e9rapie.<\/p>\n\n\n\n<p class=\"translation-block\"><strong>Les prestations de physioth\u00e9rapie <\/strong> se font sur <strong>prescription m\u00e9dicale<\/strong> et sont prises en charge par les assurances maladie (LAMAL- assurance de base), accident, invalidit\u00e9 (AI) ou militaire. En g\u00e9n\u00e9ral, elles sont prescrites par votre m\u00e9decin par s\u00e9ries de 9 s\u00e9ances, prolongeables si n\u00e9cessaire. A la fin des 9 s\u00e9ances, nous envoyons la facture directement aux assurances par voie \u00e9lectronique (tiers payant).<\/p>\n\n\n\n<p><\/p>\n\n\n\n<h3 class=\"wp-block-heading\"><strong>La physioth\u00e9rapie -Pour qui ?<\/strong><\/h3>\n\n\n\n<p>Dans notre cabinet, nous prenons en charge les patients (adultes, adolescents, enfants en \u00e2ge scolaire) pr\u00e9sentant des probl\u00e9matiques des domaines suivants :<\/p>\n\n\n\n<h4 class=\"wp-block-heading\"><strong>Orthop\u00e9die<\/strong>:<\/h4>\n\n\n\n<h6 class=\"wp-block-heading\"><em>R\u00e9\u00e9ducation post-op\u00e9ratoire lors de<\/em><\/h6>\n\n\n\n<ul class=\"wp-block-list\">\n<li>Proth\u00e8ses de hanche, de genou, d\u2019\u00e9paule, ou de cheville<\/li>\n\n\n\n<li>Plasties ligamentaires (par ex. ligaments crois\u00e9s du genou), arthroscopies<\/li>\n\n\n\n<li>Rupture de coiffe des rotateurs de l\u2019\u00e9paule<\/li>\n\n\n\n<li>Atteintes de la colonne vert\u00e9brale : hernies discales, canal lombaire \u00e9troit, \u2026<\/li>\n<\/ul>\n\n\n\n<h4 class=\"wp-block-heading\"><strong>&nbsp;<\/strong><strong>Traumatologie:<\/strong><\/h4>\n\n\n\n<h6 class=\"wp-block-heading\"><em>R\u00e9\u00e9ducation apr\u00e8s<\/em><\/h6>\n\n\n\n<ul class=\"wp-block-list\">\n<li>Fractures<\/li>\n\n\n\n<li>Entorses (l\u00e9sions des ligaments d\u2019une articulation par ex. cheville, genou, pouce,\u2026)<\/li>\n\n\n\n<li>Ruptures de tendons et claquages musculaires<\/li>\n<\/ul>\n\n\n\n<h4 class=\"wp-block-heading\"><strong>Rhumatologie:<\/strong><\/h4>\n\n\n\n<h6 class=\"wp-block-heading\"><em>Traitement des douleurs suite \u00e0<\/em><\/h6>\n\n\n\n<ul class=\"wp-block-list\">\n<li>Lombalgies, cervicalgies, dorsalgies<\/li>\n\n\n\n<li>Troubles de la statique (dos rond, scoliose, insuffisance posturale, \u2026)<\/li>\n\n\n\n<li>Arthrose, Arthrite, Polyarthrite rhumato\u00efde<\/li>\n\n\n\n<li>Tendinites<\/li>\n\n\n\n<li>Polymyalgie, Fibromyalgie<\/li>\n<\/ul>\n\n\n\n<h4 class=\"wp-block-heading\"><strong>&nbsp;<\/strong><strong>Neurologie:<\/strong><\/h4>\n\n\n\n<h6 class=\"wp-block-heading\"><em>R\u00e9\u00e9ducation de troubles de la motricit\u00e9, de l\u2019\u00e9quilibre, de la coordination, de la marche, de la sensibilit\u00e9 lors de :<\/em><\/h6>\n\n\n\n<ul class=\"wp-block-list\">\n<li>AVC (accident vasculaire c\u00e9r\u00e9bral) engendrant une h\u00e9mipl\u00e9gie<\/li>\n\n\n\n<li>Maladies d\u00e9g\u00e9n\u00e9ratives du syst\u00e8me nerveux telles que Scl\u00e9rose en plaques, maladie de Parkinson, \u2026<\/li>\n\n\n\n<li>Maladies neuro-musculaires tels que myopathies ou Scl\u00e9rose lat\u00e9rale amyotrophique (SLA)<\/li>\n\n\n\n<li>Atteintes du cervelet<\/li>\n\n\n\n<li>Atteinte c\u00e9r\u00e9brale suite \u00e0 un traumatisme cr\u00e2nien<\/li>\n<\/ul>\n\n\n\n<h4 class=\"wp-block-heading\"><strong>&nbsp;Vertiges:<\/strong><\/h4>\n\n\n\n<h6 class=\"wp-block-heading translation-block\"><em><strong>Physioth\u00e9rapie sp\u00e9cifique <\/strong> (Instruction d\u2019un programme d\u2019exercices adapt\u00e9 individuellement, man\u0153uvre lib\u00e9ratoire en cas de VPPB, \u2026) lors de vertiges de diverses causes, entre autres:<strong> :<\/strong><\/em><\/h6>\n\n\n\n<ul class=\"wp-block-list\">\n<li>Vertiges lors de troubles vestibulaires p\u00e9riph\u00e9riques (oreille interne et nerf), \npar ex. vertige paroxystique positionnel b\u00e9nin (VPPB), Maladie de M\u00e9ni\u00e8re, n\u00e9vrite vestibulaire, \u2026<\/li>\n\n\n\n<li>Vertiges, sensations de d\u00e9s\u00e9quilibres constants (Vertiges posturo-perceptifs persistants-PPPD)<\/li>\n\n\n\n<li>Vertiges cervicog\u00e8nes (li\u00e9s \u00e0 la colonne v\u00e9rt\u00e9brale cervicale)<\/li>\n\n\n\n<li>Vertiges multifactoriels<\/li>\n<\/ul>\n\n\n\n<p><\/p>\n\n\n\n<h4 class=\"wp-block-heading\"><strong>Lymphologie\/Phl\u00e9bologie:<\/strong><\/h4>\n\n\n\n<h6 class=\"wp-block-heading\"><em>Traitement d\u00e9congestif complexe (drainage lymphatique manuel et bandages) lors d\u2019\u0153d\u00e8me d\u2019une partie du corps suite \u00e0<\/em><\/h6>\n\n\n\n<ul class=\"wp-block-list\">\n<li>Une stase veineuse (le drainage lymphatique manuel avec bandages est aussi possible et tr\u00e8s important pour le traitement d\u2019ulc\u00e8res variqueux)<\/li>\n\n\n\n<li>Une op\u00e9ration lors de cancer du sein<\/li>\n\n\n\n<li>Un traumatisme (entorse, fractures,\u2026)<\/li>\n\n\n\n<li>Une op\u00e9ration orthop\u00e9dique<\/li>\n<\/ul>\n\n\n\n<p>Ceci n\u2019est pas exhaustif. N\u2019h\u00e9sitez pas \u00e0 nous contacter pour tous renseignements compl\u00e9mentaires.<\/p>","protected":false},"excerpt":{"rendered":"<p>Was ist Physiotherapie? Physiotherapie isteine paramedizinische Disziplin, die funktionelle k\u00f6rperliche St\u00f6rungen (Verlust von Beweglichkeit, Kraft, Ausdauer, Beweglichkeit, Koordination, Gleichgewicht usw.) und Schmerzprobleme behandelt. Ziel&nbsp;ist es, verloren gegangene oder beeintr\u00e4chtigte k\u00f6rperliche Funktionen (aufgrund von Unf\u00e4llen oder Pathologien) zu verbessern und, wenn m\u00f6glich, wiederherzustellen, um die Unabh\u00e4ngigkeit und Lebensqualit\u00e4t des Patienten zu verbessern. Die eingesetzten&nbsp;physiotherapeutischen Mittel&nbsp;sind vielf\u00e4ltig, [&hellip;]<\/p>\n","protected":false},"author":1,"featured_media":0,"parent":0,"menu_order":0,"comment_status":"closed","ping_status":"closed","template":"","meta":{"_et_pb_use_builder":"","_et_pb_old_content":"","_et_gb_content_width":"","_monsterinsights_skip_tracking":false,"_monsterinsights_sitenote_active":false,"_monsterinsights_sitenote_note":"","_monsterinsights_sitenote_category":0,"footnotes":""},"class_list":["post-2","page","type-page","status-publish","hentry"],"yoast_head":"<!-- This site is optimized with the Yoast SEO plugin v27.2 - https:\/\/yoast.com\/product\/yoast-seo-wordpress\/ -->\n<title>Physiotherapie - Physio-Harmonie S\u00e0rl - Erlach<\/title>\n<meta name=\"description\" content=\"Physio-Harmonie S\u00e0rl - In unserer Praxis f\u00fcr Physiotherapie behandeln wir Patienten jeden Alters (Erwachsene, Jugendliche, Schulkinder)\" \/>\n<meta name=\"robots\" content=\"index, follow, max-snippet:-1, max-image-preview:large, max-video-preview:-1\" \/>\n<link rel=\"canonical\" href=\"https:\/\/physio-harmonie.ch\/fr\/physio_description\/\" \/>\n<meta property=\"og:locale\" content=\"fr_FR\" \/>\n<meta property=\"og:type\" content=\"article\" \/>\n<meta property=\"og:title\" content=\"Physiotherapie - Physio-Harmonie S\u00e0rl - Erlach\" \/>\n<meta property=\"og:description\" content=\"Physio-Harmonie S\u00e0rl - In unserer Praxis f\u00fcr Physiotherapie behandeln wir Patienten jeden Alters (Erwachsene, Jugendliche, Schulkinder)\" \/>\n<meta property=\"og:url\" content=\"https:\/\/physio-harmonie.ch\/fr\/physio_description\/\" \/>\n<meta property=\"og:site_name\" content=\"Physio-Harmonie S\u00e0rl\" \/>\n<meta property=\"article:modified_time\" content=\"2026-03-28T22:21:57+00:00\" \/>\n<meta name=\"twitter:card\" content=\"summary_large_image\" \/>\n<meta name=\"twitter:label1\" content=\"Dur\u00e9e de lecture estim\u00e9e\" \/>\n\t<meta name=\"twitter:data1\" content=\"2 minutes\" \/>\n<script type=\"application\/ld+json\" class=\"yoast-schema-graph\">{\"@context\":\"https:\/\/schema.org\",\"@graph\":[{\"@type\":\"WebPage\",\"@id\":\"https:\/\/physio-harmonie.ch\/physio_description\/\",\"url\":\"https:\/\/physio-harmonie.ch\/physio_description\/\",\"name\":\"Physiotherapie - Physio-Harmonie S\u00e0rl - Erlach\",\"isPartOf\":{\"@id\":\"https:\/\/physio-harmonie.ch\/#website\"},\"datePublished\":\"2023-01-03T12:45:15+00:00\",\"dateModified\":\"2026-03-28T22:21:57+00:00\",\"description\":\"Physio-Harmonie S\u00e0rl - In unserer Praxis f\u00fcr Physiotherapie behandeln wir Patienten jeden Alters (Erwachsene, Jugendliche, Schulkinder)\",\"breadcrumb\":{\"@id\":\"https:\/\/physio-harmonie.ch\/physio_description\/#breadcrumb\"},\"inLanguage\":\"fr-FR\",\"potentialAction\":[{\"@type\":\"ReadAction\",\"target\":[\"https:\/\/physio-harmonie.ch\/physio_description\/\"]}]},{\"@type\":\"BreadcrumbList\",\"@id\":\"https:\/\/physio-harmonie.ch\/physio_description\/#breadcrumb\",\"itemListElement\":[{\"@type\":\"ListItem\",\"position\":1,\"name\":\"Accueil\",\"item\":\"https:\/\/physio-harmonie.ch\/\"},{\"@type\":\"ListItem\",\"position\":2,\"name\":\"Physiotherapie\"}]},{\"@type\":\"WebSite\",\"@id\":\"https:\/\/physio-harmonie.ch\/#website\",\"url\":\"https:\/\/physio-harmonie.ch\/\",\"name\":\"Physio-Harmonie S\u00e0rl\",\"description\":\"Physiotherapie f\u00fcr Ihre Gesundheit\",\"publisher\":{\"@id\":\"https:\/\/physio-harmonie.ch\/#organization\"},\"alternateName\":\"Physio Harmonie\",\"potentialAction\":[{\"@type\":\"SearchAction\",\"target\":{\"@type\":\"EntryPoint\",\"urlTemplate\":\"https:\/\/physio-harmonie.ch\/?s={search_term_string}\"},\"query-input\":{\"@type\":\"PropertyValueSpecification\",\"valueRequired\":true,\"valueName\":\"search_term_string\"}}],\"inLanguage\":\"fr-FR\"},{\"@type\":\"Organization\",\"@id\":\"https:\/\/physio-harmonie.ch\/#organization\",\"name\":\"Physio-Harmonie S\u00e0rl\",\"alternateName\":\"Physio Harmonie\",\"url\":\"https:\/\/physio-harmonie.ch\/\",\"logo\":{\"@type\":\"ImageObject\",\"inLanguage\":\"fr-FR\",\"@id\":\"https:\/\/physio-harmonie.ch\/#\/schema\/logo\/image\/\",\"url\":\"https:\/\/physio-harmonie.ch\/wp-content\/uploads\/2022\/10\/Logo_Physio_Harmonie.png\",\"contentUrl\":\"https:\/\/physio-harmonie.ch\/wp-content\/uploads\/2022\/10\/Logo_Physio_Harmonie.png\",\"width\":1296,\"height\":348,\"caption\":\"Physio-Harmonie S\u00e0rl\"},\"image\":{\"@id\":\"https:\/\/physio-harmonie.ch\/#\/schema\/logo\/image\/\"}}]}<\/script>\n<!-- \/ Yoast SEO plugin. -->","yoast_head_json":{"title":"Physiotherapie - Physio-Harmonie S\u00e0rl - Erlach","description":"Physio-Harmonie S\u00e0rl - In unserer Praxis f\u00fcr Physiotherapie behandeln wir Patienten jeden Alters (Erwachsene, Jugendliche, Schulkinder)","robots":{"index":"index","follow":"follow","max-snippet":"max-snippet:-1","max-image-preview":"max-image-preview:large","max-video-preview":"max-video-preview:-1"},"canonical":"https:\/\/physio-harmonie.ch\/fr\/physio_description\/","og_locale":"fr_FR","og_type":"article","og_title":"Physiotherapie - Physio-Harmonie S\u00e0rl - Erlach","og_description":"Physio-Harmonie S\u00e0rl - In unserer Praxis f\u00fcr Physiotherapie behandeln wir Patienten jeden Alters (Erwachsene, Jugendliche, Schulkinder)","og_url":"https:\/\/physio-harmonie.ch\/fr\/physio_description\/","og_site_name":"Physio-Harmonie S\u00e0rl","article_modified_time":"2026-03-28T22:21:57+00:00","twitter_card":"summary_large_image","twitter_misc":{"Dur\u00e9e de lecture estim\u00e9e":"2 minutes"},"schema":{"@context":"https:\/\/schema.org","@graph":[{"@type":"WebPage","@id":"https:\/\/physio-harmonie.ch\/physio_description\/","url":"https:\/\/physio-harmonie.ch\/physio_description\/","name":"Physiotherapie - Physio-Harmonie S\u00e0rl - Erlach","isPartOf":{"@id":"https:\/\/physio-harmonie.ch\/#website"},"datePublished":"2023-01-03T12:45:15+00:00","dateModified":"2026-03-28T22:21:57+00:00","description":"Physio-Harmonie S\u00e0rl - In unserer Praxis f\u00fcr Physiotherapie behandeln wir Patienten jeden Alters (Erwachsene, Jugendliche, Schulkinder)","breadcrumb":{"@id":"https:\/\/physio-harmonie.ch\/physio_description\/#breadcrumb"},"inLanguage":"fr-FR","potentialAction":[{"@type":"ReadAction","target":["https:\/\/physio-harmonie.ch\/physio_description\/"]}]},{"@type":"BreadcrumbList","@id":"https:\/\/physio-harmonie.ch\/physio_description\/#breadcrumb","itemListElement":[{"@type":"ListItem","position":1,"name":"Accueil","item":"https:\/\/physio-harmonie.ch\/"},{"@type":"ListItem","position":2,"name":"Physiotherapie"}]},{"@type":"WebSite","@id":"https:\/\/physio-harmonie.ch\/#website","url":"https:\/\/physio-harmonie.ch\/","name":"Physio-Harmonie S\u00e0rl","description":"Physiotherapie f\u00fcr Ihre Gesundheit","publisher":{"@id":"https:\/\/physio-harmonie.ch\/#organization"},"alternateName":"Physio Harmonie","potentialAction":[{"@type":"SearchAction","target":{"@type":"EntryPoint","urlTemplate":"https:\/\/physio-harmonie.ch\/?s={search_term_string}"},"query-input":{"@type":"PropertyValueSpecification","valueRequired":true,"valueName":"search_term_string"}}],"inLanguage":"fr-FR"},{"@type":"Organization","@id":"https:\/\/physio-harmonie.ch\/#organization","name":"Physio-Harmonie S\u00e0rl","alternateName":"Physio Harmonie","url":"https:\/\/physio-harmonie.ch\/","logo":{"@type":"ImageObject","inLanguage":"fr-FR","@id":"https:\/\/physio-harmonie.ch\/#\/schema\/logo\/image\/","url":"https:\/\/physio-harmonie.ch\/wp-content\/uploads\/2022\/10\/Logo_Physio_Harmonie.png","contentUrl":"https:\/\/physio-harmonie.ch\/wp-content\/uploads\/2022\/10\/Logo_Physio_Harmonie.png","width":1296,"height":348,"caption":"Physio-Harmonie S\u00e0rl"},"image":{"@id":"https:\/\/physio-harmonie.ch\/#\/schema\/logo\/image\/"}}]}},"_links":{"self":[{"href":"https:\/\/physio-harmonie.ch\/fr\/wp-json\/wp\/v2\/pages\/2","targetHints":{"allow":["GET"]}}],"collection":[{"href":"https:\/\/physio-harmonie.ch\/fr\/wp-json\/wp\/v2\/pages"}],"about":[{"href":"https:\/\/physio-harmonie.ch\/fr\/wp-json\/wp\/v2\/types\/page"}],"author":[{"embeddable":true,"href":"https:\/\/physio-harmonie.ch\/fr\/wp-json\/wp\/v2\/users\/1"}],"replies":[{"embeddable":true,"href":"https:\/\/physio-harmonie.ch\/fr\/wp-json\/wp\/v2\/comments?post=2"}],"version-history":[{"count":9,"href":"https:\/\/physio-harmonie.ch\/fr\/wp-json\/wp\/v2\/pages\/2\/revisions"}],"predecessor-version":[{"id":29509,"href":"https:\/\/physio-harmonie.ch\/fr\/wp-json\/wp\/v2\/pages\/2\/revisions\/29509"}],"wp:attachment":[{"href":"https:\/\/physio-harmonie.ch\/fr\/wp-json\/wp\/v2\/media?parent=2"}],"curies":[{"name":"wp","href":"https:\/\/api.w.org\/{rel}","templated":true}]}}